{"id":2451,"date":"2013-04-25T19:06:39","date_gmt":"2013-04-25T22:06:39","guid":{"rendered":"http:\/\/pensamentoextemporaneo.wordpress.com\/?page_id=2451"},"modified":"2013-04-25T19:06:39","modified_gmt":"2013-04-25T22:06:39","slug":"revistas","status":"publish","type":"page","link":"http:\/\/pensamentoextemporaneo.com.br\/?page_id=2451","title":{"rendered":"REVISTAS DE FILOSOFIA"},"content":{"rendered":"<div id=\"linkcat-135363\">\n<ul>\n<li><a href=\"http:\/\/www.abstracta.pro.br\/\" target=\"_blank\">Abstracta<\/a><\/li>\n<li><a title=\"Revista de Est\u00e9tica do PPGF\/ UFRJ\" href=\"http:\/\/www.ifcs.ufrj.br\/~aisthe\/\" target=\"_blank\">Aisthe | UFRJ<\/a><\/li>\n<li><a href=\"http:\/\/www.ifcs.ufrj.br\/~afc\/\" target=\"_blank\">Anais de Filosofia Cl\u00e1ssica | UFRJ<\/a><\/li>\n<li><a href=\"http:\/\/www.analytica.inf.br\/\" target=\"_blank\">Analytica<\/a><\/li>\n<li><a href=\"http:\/\/www.ifcs.ufrj.br\/~aproximacao\/index.html\">Aproxima\u00e7\u00e3o | UFRJ<\/a><\/li>\n<li><a title=\"Revista de estudos sobre as origens do pensamento ocidental\" href=\"http:\/\/seer.bce.unb.br\/index.php\/archai\" target=\"_blank\">Archai<\/a><\/li>\n<li><a href=\"http:\/\/www.filosofia.ufc.br\/argumentos\" target=\"_blank\">Argumentos | UFC<\/a><\/li>\n<li><a href=\"http:\/\/www.eba.ufrj.br\/ppgav\/doku.php?id=revista:numeros_antigos\" target=\"_blank\">Arte &amp; Ensaios | UFRJ<\/a><\/li>\n<li><a href=\"http:\/\/www.raf.ifac.ufop.br\/index.html\" target=\"_blank\">ArteFilosofia | UFOP<\/a><\/li>\n<li><a href=\"http:\/\/www2.pucpr.br\/reol\/index.php\/rf\" target=\"_blank\">Aurora | PUCPR<\/a><\/li>\n<li><a href=\"http:\/\/cabaretfilosofico.net\/\" target=\"_blank\">Cabaret Filos\u00f3fico<\/a><\/li>\n<li><a href=\"http:\/\/www.fflch.usp.br\/df\/cefp\/\" target=\"_blank\">Cadernos de \u00c9tica e Filosofia Pol\u00edtica | USP<\/a><\/li>\n<li><a href=\"http:\/\/www.cle.unicamp.br\/cadernos\/18-1.html\">Cadernos de Hist\u00f3ria e Filosofia da Ci\u00eancia | Unicamp<\/a><\/li>\n<li><a href=\"http:\/\/www.ojs.ufpi.br\/index.php\/pet\/index\">Cadernos do PET Filosofia | UFPI<\/a><\/li>\n<li><a href=\"http:\/\/www.fflch.usp.br\/df\/espinosanos\/espinosanos.html\" target=\"_blank\">Cadernos Espinosanos | USP<\/a><\/li>\n<li><a href=\"http:\/\/www.fflch.usp.br\/df\/gen\/cn\/\" target=\"_blank\">Cadernos Nietzsche | USP<\/a><\/li>\n<li><a href=\"http:\/\/200.17.141.110\/periodicos\/cadernos_ufs_filosofia\/\" target=\"_blank\">Cadernos UFS de Filosofia<\/a><\/li>\n<li><a href=\"http:\/\/cjpmi.ifl.pt\/\" target=\"_blank\">Cinema: Revista de Filosofia e da Imagem em Movimento<\/a><\/li>\n<li><a href=\"http:\/\/revistas.pucsp.br\/index.php\/cognitio\/index\" target=\"_blank\">Cognitio | PUC-SP<\/a><\/li>\n<li><a href=\"http:\/\/www.benedictusdespinoza.pro.br\/57684\/index.html\">Conatus: Filosofia de Spinoza | UEC<\/a><\/li>\n<li><a href=\"http:\/\/cefe.ucs.br\/revistas\/conjectura01\" target=\"_blank\">Conjectura | UCS<\/a><\/li>\n<li><a href=\"http:\/\/www.fafich.ufmg.br\/~cafca\/contextura.htm\">Contextura | UFMG<\/a><\/li>\n<li><a href=\"http:\/\/ojs.c3sl.ufpr.br\/ojs2\/index.php\/contradictio\" target=\"_blank\">Contradictio | UFPR<\/a><\/li>\n<li><a href=\"http:\/\/www.controversia.unisinos.br\/\" target=\"_blank\">Controversia | UNISINOS<\/a><\/li>\n<li><a href=\"http:\/\/revistacult.uol.com.br\/\" target=\"_blank\">Cult<\/a><\/li>\n<li><a href=\"http:\/\/www.revistadialectus.ufc.br\/index.php\/RevistaDialectus\" target=\"_blank\">Dialectus | UFC<\/a><\/li>\n<li><a href=\"http:\/\/www4.uninove.br\/ojs\/index.php\/dialogia\/index\">Dialogia | UNINOVE<\/a><\/li>\n<li><a href=\"http:\/\/www.fflch.usp.br\/df\/site\/publicacoes\/discurso.php\" target=\"_blank\">Discurso | USP<\/a><\/li>\n<li><a href=\"http:\/\/www.ufpel.edu.br\/ich\/depfil\/revistad.shtml\" target=\"_blank\">Dissertatio | UFPel<\/a><\/li>\n<li><a href=\"http:\/\/www.ser.ufpr.br\/#\" target=\"_blank\">Dois Pontos | UFPR, UFSCar<\/a><\/li>\n<li><a href=\"http:\/\/www.seer.ufu.br\/index.php\/EducacaoFilosofia\" target=\"_blank\">Educa\u00e7\u00e3o e Filosofia | UFU<\/a><\/li>\n<li><a href=\"http:\/\/www.e-publicacoes.uerj.br\/ojs\/index.php\/Ekstasis\/\" target=\"_blank\">Ekstasis: revista de hermen\u00eautica e fenomenologia | UERJ<\/a><\/li>\n<li><a href=\"http:\/\/www.ufpel.edu.br\/isp\/revistaenciclopedia\/index.html\" target=\"_blank\">Enciclop\u00e9dia | UFPel<\/a><\/li>\n<li><a href=\"http:\/\/www.ensaiosfilosoficos.com.br\/\">Ensaios Filos\u00f3ficos | UERJ<\/a><\/li>\n<li><a href=\"http:\/\/www.periodicos.uem.br\/ojs\/index.php\/EspacoAcademico\/index\">Espa\u00e7o Acad\u00eamico | UEM<\/a><\/li>\n<li><a href=\"http:\/\/www.ufsj.edu.br\/dfime\/estudos_filosoficos_no_1.php\">Estudos Filos\u00f3ficos | UFSJ<\/a><\/li>\n<li><a href=\"http:\/\/www.hegelbrasil.org\/revista.htm\" target=\"_blank\">Estudos Hegelianos | SHB<\/a><\/li>\n<li><a href=\"http:\/\/www2.pucpr.br\/reol\/index.php\/estudosnietzsche\">Estudos Nietzsche | PUCPR, GT-Nietzsche<\/a><\/li>\n<li><a title=\"revista eletr\u00f4nica do PPG em Filosofia da Universidade Gama Filho\" href=\"http:\/\/www.revistaethica.com.br\/\" target=\"_blank\">Ethica | UGF<\/a><\/li>\n<li><a href=\"http:\/\/www.cfh.ufsc.br\/ethic@\/\" target=\"_blank\">Etic@ | UFSC<\/a><\/li>\n<li><a href=\"http:\/\/www.revistaexagium.ufop.br\/\" target=\"_blank\">Exagium | UFOP<\/a><\/li>\n<li><a href=\"http:\/\/www.marilia.unesp.br\/filogenese\" target=\"_blank\">Filog\u00eanese | UNESP<\/a><\/li>\n<li><a href=\"http:\/\/www.filosofiaantiga.com\/documents\/121.html\">Filosofia Antiga | USP, UniCamp<\/a><\/li>\n<li><a href=\"http:\/\/www.filosofiacapital.org\/ojs-2.1.1\/index.php\/filosofiacapital\/index\">Filosofia Capital<\/a><\/li>\n<li><a href=\"http:\/\/filosofiacienciaevida.uol.com.br\/\" target=\"_blank\">Filosofia Ci\u00eancia &amp; Vida<\/a><\/li>\n<li><a href=\"http:\/\/www.revistafilosofia.unisinos.br\/\">Filosofia | Unisinos<\/a><\/li>\n<li><a href=\"http:\/\/www.fae.unicamp.br\/revista\/index.php\/rfe\/index\" target=\"_blank\">Filosofia e Educa\u00e7\u00e3o | Unicamp<\/a><\/li>\n<li><a href=\"http:\/\/www.revistafundamento.ufop.br\/\">Fundamento | UFOP<\/a><\/li>\n<li><a href=\"http:\/\/www.gamaon.com.br\/\">Gama | UGF<\/a><\/li>\n<li><a href=\"http:\/\/www.gewebe.com.br\/\" target=\"_blank\">Gewebe: Cadernos W. Benjamin | UECE<\/a><\/li>\n<li><a href=\"http:\/\/www.ufrb.edu.br\/griot\/\">Griot | UFRB<\/a><\/li>\n<li><a href=\"http:\/\/periodicos.pucminas.br\/index.php\/horizonte\/index\" target=\"_blank\">Horizonte | PUC-Minas<\/a><\/li>\n<li><a href=\"http:\/\/revistahumus.wordpress.com\/\">Humus | UFSC, UFMA<\/a><\/li>\n<li><a href=\"http:\/\/revistas.pucsp.br\/index.php\/hypnos\/about\">Hypnos | PUCSP<\/a><\/li>\n<li><a href=\"http:\/\/www.ihuonline.unisinos.br\/\" target=\"_blank\">IHU | Instituto Humanitas Unisinos<\/a><\/li>\n<li><a href=\"http:\/\/www.revistaindice.com.br\/\" target=\"_blank\">Indice | UFRJ<\/a><\/li>\n<li><a href=\"http:\/\/www.inquietude.org\/index.php\/revista\">Inquietude | UFG<\/a><\/li>\n<li><a href=\"http:\/\/www.usjt.br\/prppg\/revista\/\" target=\"_blank\">Integra\u00e7\u00e3o | USJT<\/a><\/li>\n<li><a href=\"http:\/\/revistaseletronicas.pucrs.br\/ojs\/index.php\/intuitio\" target=\"_blank\">Intuitio | PUCRS<\/a><\/li>\n<li><a href=\"http:\/\/www.investigacaofilosofica.com\/\">Investiga\u00e7\u00e3o Filos\u00f3fica<\/a><\/li>\n<li><a href=\"http:\/\/revistaitaca.org\/\">Itaca | UFRJ<\/a><\/li>\n<li><a href=\"http:\/\/www.uece.br\/kalagatos\/\" target=\"_blank\">Kalagatos | UECE<\/a><\/li>\n<li><a href=\"http:\/\/www.marilia.unesp.br\/kinesis\" target=\"_blank\">K\u00ednesis | UNESP<\/a><\/li>\n<li><a href=\"http:\/\/www.pragma.kit.net\/kleos.html\">Kl\u00e9os, Filosofia Antiga | UFRJ<\/a><\/li>\n<li><a href=\"http:\/\/www.scielo.br\/scielo.php\/script_sci_serial\/pid_0100-512X\/lng_en\/nrm_iso\" target=\"_blank\">Kriterion | UFMG<\/a><\/li>\n<li><a href=\"http:\/\/revistalampejo.apoenafilosofia.org\/\" target=\"_blank\">Lampejo | APOENA &#8211; Nietzsche e Schopenhauer<\/a><\/li>\n<li><a href=\"http:\/\/www.cle.unicamp.br\/principal\/publicacoes\/index.php?pag=encomendas.php\">Manuscrito | Unicamp<\/a><\/li>\n<li><a href=\"http:\/\/www.ufsj.edu.br\/lable\/revista.php\">Metan\u00f3ia: primeiros escritos | UFSJ<\/a><\/li>\n<li><a title=\"revista interdisciplinar\" href=\"http:\/\/novosestudos.uol.com.br\/\">Novos Estudos | Cebrap<\/a><\/li>\n<li><a href=\"http:\/\/www.editoraufjf.com.br\/revista\/index.php\/numen\/index\">Numen | UFJF<\/a><\/li>\n<li><a href=\"http:\/\/www.oquenosfazpensar.com\/\" target=\"_blank\">O que nos faz pensar | PUCRio<\/a><\/li>\n<li><a href=\"http:\/\/revistapandora.sites.uol.com.br\/\">Pandora Brasil | Mackenzie<\/a><\/li>\n<li><a href=\"https:\/\/www.metodista.br\/revistas\/revistas-metodista\/index.php\/PF\/index\" target=\"_blank\">P\u00e1ginas de Filosofia | UMESP<\/a><\/li>\n<li><a href=\"http:\/\/revistas.pucsp.br\/index.php\/paralaxe\/\" target=\"_blank\">Paralaxe | PUCSP<\/a><\/li>\n<li><a href=\"http:\/\/www.ojs.ufpi.br\/index.php\/pensando\">Pensando | UFPI<\/a><\/li>\n<li><a href=\"http:\/\/www.faje.edu.br\/periodicos\/index.php\/pensar\">Pensar | FAJE<\/a><\/li>\n<li><a href=\"http:\/\/www.nexos.ufsc.br\/index.php\/peri\/index\" target=\"_blank\">Peri | UFSC<\/a><\/li>\n<li><a href=\"https:\/\/sites.google.com\/site\/revistapericlesia\" target=\"_blank\">Pericl\u00e9sia: Filosofia e Literatura<\/a><\/li>\n<li><a href=\"http:\/\/www.revistas.ufg.br\/index.php\/philosophos\/index\" target=\"_blank\">Phil\u00f3sophos | UFG, UnB<\/a><\/li>\n<li><a href=\"http:\/\/www.abhr.org.br\/plura\/ojs\/index.php\/plura\">Plura: estudos de religi\u00e3o | ABHR<\/a><\/li>\n<li><a href=\"http:\/\/seer.bce.unb.br\/index.php\/polemos\">P\u00f3lemos | UnB<\/a><\/li>\n<li><a href=\"http:\/\/www.uece.br\/polymatheia\/\" target=\"_blank\">Polymatheia | UEC<\/a><\/li>\n<li><a href=\"http:\/\/200.233.146.122:81\/revistadigital\/index.php\/poros\">Poros | FCU<\/a><\/li>\n<li><a title=\"publica\u00e7\u00f5es de graduandos em Filosofia da USP\" href=\"http:\/\/www.fflch.usp.br\/df\/site\/publicacoes\/primeirosescritos\/\" target=\"_blank\">Primeiros Escritos | USP<\/a><\/li>\n<li><a href=\"http:\/\/www.principios.cchla.ufrn.br\/\" target=\"_blank\">Princ\u00edpios | UFRN<\/a><\/li>\n<li><a href=\"http:\/\/periodicos.ufpb.br\/ojs2\/index.php\/problemata\/index\">Problemata | UFPB<\/a><\/li>\n<li><a href=\"http:\/\/200.17.141.110\/periodicos\/prometeus\/index.htm\">Prometeus | UFS<\/a><\/li>\n<li><a href=\"http:\/\/www.fflch.usp.br\/df\/rapsodia\/\" target=\"_blank\">Raps\u00f3dia | USP<\/a><\/li>\n<li><a title=\"Revista do GT-Pragmatismo da ANPOF\" href=\"http:\/\/www.gtpragmatismo.com.br\/redescricoes\/\" target=\"_blank\">Redescri\u00e7\u00f5es | GT Pragmatismo<\/a><\/li>\n<li><a href=\"http:\/\/www.revistareflexoes.com.br\/\" target=\"_blank\">Reflex\u00f5es | GEPEDE<\/a><\/li>\n<li><a href=\"http:\/\/www.rpf.pt\/\" target=\"_blank\">Revista Portuguesa de Filosofia | UCP<\/a><\/li>\n<li><a href=\"http:\/\/revistas.pucsp.br\/index.php\/rever\">Rever | PUCSP<\/a><\/li>\n<li><a href=\"http:\/\/www.achegas.net\/\" target=\"_blank\">Revista de Ci\u00eancia Pol\u00edtica<\/a><\/li>\n<li><a href=\"http:\/\/www.hegelbrasil.org\/revista.htm\" target=\"_blank\">Revista Eletr\u00f4nica Estudos Hegelianos | SHB<\/a><\/li>\n<li><a href=\"http:\/\/www.antiguidadeonline.org\/\">Revista de Estudos Filos\u00f3ficos e Hist\u00f3ricos da Antiguidade | UNICAMP<\/a><\/li>\n<li><a href=\"http:\/\/www.cchla.ufrn.br\/saberes\/\" target=\"_blank\">Saberes | UFRN<\/a><\/li>\n<li><a href=\"http:\/\/periodicos.pucminas.br\/index.php\/SapereAude\" target=\"_blank\">Sapere Aude | PUC-Minas<\/a><\/li>\n<li><a href=\"http:\/\/www.faje.edu.br\/periodicos\/index.php\/Sintese\">S\u00edntese | FAJE<\/a><\/li>\n<li><a href=\"http:\/\/www.scientiaestudia.org.br\/\" target=\"_blank\">Scientiae Estudia | FAPESP<\/a><\/li>\n<li><a href=\"http:\/\/www.ufpel.tche.br\/isp\/searafilosofica\/\">Seara Filos\u00f3fica | UFPEL<\/a><\/li>\n<li><a href=\"http:\/\/www.revista-skepsis.com\/\">Sk\u00e9psis | GT Ceticismo<\/a><\/li>\n<li><a href=\"http:\/\/periodicos.ufes.br\/sofia\">Sofia | UFES<\/a><\/li>\n<li><a href=\"http:\/\/www.sociedadekant.org\/studia-kantiana\/\" target=\"_blank\">Studia Kantiana | Sociedade Kant Brasileira<\/a><\/li>\n<li><a title=\"Centro de Teologia e Humanidades da Universidade Cat\u00f3lica de Petr\u00f3polis\" href=\"http:\/\/www.ucp.br\/html\/joomlaBR\/synesis\/synesis.htm\" target=\"_blank\">Synesis | UCP<\/a><\/li>\n<li><a title=\"Revista da Faculdade Cat\u00f3lica de Pouso Alegre\" href=\"http:\/\/www.theoria.com.br\/\" target=\"_blank\">Theoria | Pouso Alegre<\/a><\/li>\n<li><a href=\"http:\/\/www.scielo.br\/scielo.php?script=sci_serial&amp;pid=0101-3173&amp;lng=pt&amp;nrm=iso\">Trans\/form\/a\u00e7\u00e3o | Unesp<\/a><\/li>\n<li><a href=\"http:\/\/www.tragica.org\/\" target=\"_blank\">Tr\u00e1gica<\/a><\/li>\n<li><a href=\"http:\/\/www.uern.br\/outros\/trilhasfilosoficas\/conteudo\/apresentacao.htm\" target=\"_blank\">Trilhas Filos\u00f3ficas | UERN<\/a><\/li>\n<li><a href=\"http:\/\/verinotio.org\/\">Verinotio | UFMG<\/a><\/li>\n<li><a href=\"http:\/\/revistaseletronicas.pucrs.br\/face\/ojs\/index.php\/veritas\/index\" target=\"_blank\">Veritas | PUCRS<\/a><\/li>\n<li><a href=\"http:\/\/www.revistaviso.com.br\/\" target=\"_blank\">Viso: cadernos de est\u00e9tica<\/a><\/li>\n<li><a href=\"http:\/\/www.revistavoluntas.org\/publicaccedilatildeo.html\">Voluntas: estudos sobre Schopenhauer | GT-Schopenhauer<\/a><\/li>\n<\/ul>\n<\/div>\n","protected":false},"excerpt":{"rendered":"<p>Abstracta Aisthe | UFRJ Anais de Filosofia Cl\u00e1ssica | UFRJ Analytica Aproxima\u00e7\u00e3o | UFRJ Archai Argumentos | UFC Arte &amp; Ensaios | UFRJ ArteFilosofia | UFOP Aurora | PUCPR Cabaret Filos\u00f3fico Cadernos de \u00c9tica e Filosofia Pol\u00edtica | USP Cadernos de Hist\u00f3ria e Filosofia da Ci\u00eancia | Unicamp Cadernos do PET Filosofia | UFPI Cadernos &hellip; <\/p>\n","protected":false},"author":1,"featured_media":0,"parent":0,"menu_order":0,"comment_status":"open","ping_status":"closed","template":"","meta":{"_mi_skip_tracking":false,"footnotes":""},"class_list":["entry","page","publish","author-admin","post-2451"],"_links":{"self":[{"href":"http:\/\/pensamentoextemporaneo.com.br\/index.php?rest_route=\/wp\/v2\/pages\/2451","targetHints":{"allow":["GET"]}}],"collection":[{"href":"http:\/\/pensamentoextemporaneo.com.br\/index.php?rest_route=\/wp\/v2\/pages"}],"about":[{"href":"http:\/\/pensamentoextemporaneo.com.br\/index.php?rest_route=\/wp\/v2\/types\/page"}],"author":[{"embeddable":true,"href":"http:\/\/pensamentoextemporaneo.com.br\/index.php?rest_route=\/wp\/v2\/users\/1"}],"replies":[{"embeddable":true,"href":"http:\/\/pensamentoextemporaneo.com.br\/index.php?rest_route=%2Fwp%2Fv2%2Fcomments&post=2451"}],"version-history":[{"count":0,"href":"http:\/\/pensamentoextemporaneo.com.br\/index.php?rest_route=\/wp\/v2\/pages\/2451\/revisions"}],"wp:attachment":[{"href":"http:\/\/pensamentoextemporaneo.com.br\/index.php?rest_route=%2Fwp%2Fv2%2Fmedia&parent=2451"}],"curies":[{"name":"wp","href":"https:\/\/api.w.org\/{rel}","templated":true}]}}